{"id":25960,"date":"2021-02-24T16:10:36","date_gmt":"2021-02-24T16:10:36","guid":{"rendered":"https:\/\/www.agroruralsurf.com\/ars-camp-casal-primavera\/"},"modified":"2026-01-31T10:27:05","modified_gmt":"2026-01-31T10:27:05","slug":"surf-camp-semana-santa","status":"publish","type":"page","link":"https:\/\/www.agroruralsurf.com\/es\/surf-camp-semana-santa\/","title":{"rendered":"Surf Camp semana santa"},"content":{"rendered":"<p>[vc_row row_type=\u00bbrow\u00bb use_row_as_full_screen_section=\u00bbno\u00bb type=\u00bbfull_width\u00bb angled_section=\u00bbno\u00bb text_align=\u00bbleft\u00bb background_image_as_pattern=\u00bbwithout_pattern\u00bb z_index=\u00bb\u00bb][vc_column]\n\t\t\t<!-- START video CASAL SETMANA SANTA REVOLUTION SLIDER 6.5.21 --><p class=\"rs-p-wp-fix\"><\/p>\n\t\t\t<rs-module-wrap id=\"rev_slider_133_1_wrapper\" data-source=\"gallery\" style=\"visibility:hidden;background:transparent;padding:0;\">\n\t\t\t\t<rs-module id=\"rev_slider_133_1\" style=\"\" data-version=\"6.5.21\">\n\t\t\t\t\t<rs-slides>\n\t\t\t\t\t\t<rs-slide style=\"position: absolute;\" data-key=\"rs-214\" data-title=\"Slide\" data-in=\"o:0;\" data-out=\"a:false;\">\n\t\t\t\t\t\t\t<img src=\"\/\/www.agroruralsurf.com\/wp-content\/plugins\/revslider\/public\/assets\/assets\/dummy.png\" alt=\"\" title=\"skate_girls_emporda_girona\" width=\"1200\" height=\"800\" class=\"rev-slidebg tp-rs-img rs-lazyload\" data-lazyload=\"\/\/www.agroruralsurf.com\/wp-content\/uploads\/2021\/11\/skate_girls_emporda_girona.jpg\" data-parallax=\"6\" data-no-retina>\n\t\t\t\t\t\t\t<rs-bgvideo \n\t\t\t\t\t\t\t\tdata-video=\"vc:none;w:100%;h:100%;nse:false;l:true;ptimer:false;\"\n\t\t\t\t\t\t\t\tdata-ytid=\"uW0R-WK6nWs\"\n\t\t\t\t\t\t\t\tdata-vatr=\"version=3&amp;enablejsapi=1&amp;html5=1&amp;hd=1&amp;wmode=opaque&amp;showinfo=0&amp;rel=0&amp;origin=https:\/\/www.agroruralsurf.com;\"\n\t\t\t\t\t\t\t><\/rs-bgvideo>\n<!---->\t\t\t\t\t\t<\/rs-slide>\n\t\t\t\t\t<\/rs-slides>\n\t\t\t\t<\/rs-module>\n\t\t\t\t<script>\n\t\t\t\t\tsetREVStartSize({c: 'rev_slider_133_1',rl:[1240,1024,778,480],el:[868,768,960,720],gw:[1240,1024,778,480],gh:[868,768,960,720],type:'hero',justify:'',layout:'fullscreen',offsetContainer:'',offset:'',mh:\"0\"});if (window.RS_MODULES!==undefined && window.RS_MODULES.modules!==undefined && window.RS_MODULES.modules[\"revslider1331\"]!==undefined) {window.RS_MODULES.modules[\"revslider1331\"].once = false;window.revapi133 = undefined;if (window.RS_MODULES.checkMinimal!==undefined) window.RS_MODULES.checkMinimal()}\n\t\t\t\t<\/script>\n\t\t\t\t<script src=\"https:\/\/www.youtube.com\/iframe_api\"><\/script>\n\t\t\t<\/rs-module-wrap>\n\t\t\t<!-- END REVOLUTION SLIDER -->\n[\/vc_column][\/vc_row][vc_row css_animation=\u00bbfadeIn\u00bb row_type=\u00bbrow\u00bb use_row_as_full_screen_section=\u00bbno\u00bb type=\u00bbgrid\u00bb angled_section=\u00bbno\u00bb text_align=\u00bbleft\u00bb background_image_as_pattern=\u00bbwithout_pattern\u00bb css=\u00bb.vc_custom_1677443501651{padding-top: 5% !important;padding-right: 7% !important;padding-bottom: 5% !important;padding-left: 7% !important;}\u00bb z_index=\u00bb\u00bb][vc_column width=\u00bb1\/2&#8243; css=\u00bb.vc_custom_1677448958066{padding-top: 5% !important;}\u00bb offset=\u00bbvc_hidden-lg vc_hidden-md\u00bb][vc_single_image image=\u00bb30265&#8243; img_size=\u00bb800X600&#8243;][\/vc_column][vc_column css_animation=\u00bbfadeIn\u00bb width=\u00bb1\/2&#8243; css=\u00bb.vc_custom_1677448965302{padding-top: 5% !important;}\u00bb offset=\u00bbvc_hidden-lg vc_hidden-md\u00bb][vc_column_text]<\/p>\n<h1 style=\"text-align: left;\">Agro<\/h1>\n<h1 style=\"text-align: left;\">Rural<\/h1>\n<h1 style=\"text-align: left;\">Surf<\/h1>\n<h2 style=\"text-align: left;\">Camp Semana Santa 2025<\/h2>\n<p>[\/vc_column_text][vc_column_text css=\u00bb.vc_custom_1707688836529{padding-top: 25px !important;padding-bottom: 20px !important;}\u00bb]<\/p>\n<p style=\"text-align: left;\">\u00a1Prep\u00e1rate para una semana santa emocionante en la escuela con nuestro Agro Rural Surf campo de surf y skate!<\/p>\n<p style=\"text-align: left;\">Con la vuelta del sol, el buen tiempo y las primeras flores abri\u00e9ndose las ganas de aire libre son inevitables. \u00bfY qu\u00e9 mejor para disfrutar de esa \u00e9poca, que hacerlo, cerca del mar, patinando o de excursi\u00f3n?<\/p>\n<p style=\"text-align: left;\">\u00a1Haremos surf, skateboard, Paddle Surf y todas las actividades que se relacionen siempre con la mejor energ\u00eda y con much\u00edsimas ganas de pasarlo bien!<\/p>\n<p>[\/vc_column_text][\/vc_column][\/vc_row][vc_row css_animation=\u00bbfadeIn\u00bb row_type=\u00bbrow\u00bb use_row_as_full_screen_section=\u00bbno\u00bb type=\u00bbgrid\u00bb angled_section=\u00bbno\u00bb text_align=\u00bbleft\u00bb background_image_as_pattern=\u00bbwithout_pattern\u00bb css=\u00bb.vc_custom_1677443501651{padding-top: 5% !important;padding-right: 7% !important;padding-bottom: 5% !important;padding-left: 7% !important;}\u00bb z_index=\u00bb\u00bb][vc_column width=\u00bb1\/2&#8243; css=\u00bb.vc_custom_1677448973212{padding-top: 5% !important;}\u00bb offset=\u00bbvc_hidden-sm vc_hidden-xs\u00bb][vc_single_image image=\u00bb31379&#8243; img_size=\u00bb800X600&#8243;][\/vc_column][vc_column css_animation=\u00bbfadeIn\u00bb width=\u00bb1\/2&#8243; css=\u00bb.vc_custom_1677448980232{padding-top: 5% !important;}\u00bb offset=\u00bbvc_hidden-sm vc_hidden-xs\u00bb][vc_column_text]<\/p>\n<h1 style=\"text-align: left;\">Surf camp de Semana santa<\/h1>\n<h2 style=\"text-align: left;\">del 30 de marzo al 2 de abril<\/h2>\n<p>[\/vc_column_text][vc_column_text css=\u00bb.vc_custom_1769855139528{padding-top: 25px !important;padding-bottom: 20px !important;}\u00bb]<\/p>\n<p style=\"text-align: left;\">\u00a1Prep\u00e1rate para una semana santa emocionante en la escuela con nuestro surf camp!<\/p>\n<p style=\"text-align: left;\">Con la vuelta del sol, el buen tiempo y las primeras flores abri\u00e9ndose las ganas de aire libre son inevitables. \u00bfY qu\u00e9 mejor para disfrutar de esa \u00e9poca, que hacerlo, cerca del mar, patinando o de excursi\u00f3n?<\/p>\n<p style=\"text-align: left;\">\u00a1Haremos surf, skateboard, Paddle Surf y todas las actividades que se relacionen siempre con la mejor energ\u00eda y con much\u00edsimas ganas de pasarlo bien!<\/p>\n<p>[\/vc_column_text][\/vc_column][\/vc_row][vc_row css_animation=\u00bbfadeIn\u00bb row_type=\u00bbrow\u00bb use_row_as_full_screen_section=\u00bbno\u00bb type=\u00bbfull_width\u00bb angled_section=\u00bbno\u00bb text_align=\u00bbleft\u00bb background_image_as_pattern=\u00bbwithout_pattern\u00bb z_index=\u00bb\u00bb css=\u00bb.vc_custom_1678806911115{padding-right: 7% !important;padding-left: 7% !important;}\u00bb][vc_column][vc_column_text]<\/p>\n<h2 style=\"text-align: left;\"><strong>METODOLOGIA<\/strong><\/h2>\n<p>[\/vc_column_text][vc_column_text]<\/p>\n<h3 style=\"text-align: left;\">Qu\u00e9 haremos en el surf camp?<\/h3>\n<p>[\/vc_column_text][\/vc_column][\/vc_row][vc_row css_animation=\u00bbfadeIn\u00bb row_type=\u00bbrow\u00bb use_row_as_full_screen_section=\u00bbno\u00bb type=\u00bbfull_width\u00bb angled_section=\u00bbno\u00bb text_align=\u00bbcenter\u00bb background_image_as_pattern=\u00bbwithout_pattern\u00bb z_index=\u00bb\u00bb padding_top=\u00bb166&#8243; padding_bottom=\u00bb100&#8243; css=\u00bb.vc_custom_1677443519544{padding-top: 5% !important;padding-right: 7% !important;padding-bottom: 10% !important;padding-left: 7% !important;}\u00bb][vc_column width=\u00bb1\/4&#8243; css=\u00bb.vc_custom_1587990784673{padding-top: 20px !important;}\u00bb][vc_icon type=\u00bbopeniconic\u00bb icon_openiconic=\u00bbvc-oi vc-oi-chat\u00bb color=\u00bbcustom\u00bb background_style=\u00bbrounded\u00bb background_color=\u00bbcustom\u00bb size=\u00bblg\u00bb custom_color=\u00bb#ffffff\u00bb custom_background_color=\u00bb#f2dab2&#8243;][vc_column_text]<\/p>\n<h4 style=\"text-align: left;\">Aprendemos<\/h4>\n<p>[\/vc_column_text][vc_column_text css=\u00bb.vc_custom_1707688895331{padding-top: 20px !important;}\u00bb]<\/p>\n<p style=\"text-align: left;\">Conocemos y aprendemos nuevas t\u00e9cnicas de distintas disciplinas deportivas. El surf, paddle surf, nataci\u00f3n, skateboard, entre otras actividades.<\/p>\n<p>[\/vc_column_text][\/vc_column][vc_column width=\u00bb1\/4&#8243; css=\u00bb.vc_custom_1587990797066{padding-top: 20px !important;}\u00bb][vc_icon icon_fontawesome=\u00bbfas fa-question\u00bb color=\u00bbcustom\u00bb background_style=\u00bbrounded\u00bb background_color=\u00bbcustom\u00bb size=\u00bblg\u00bb custom_color=\u00bb#ffffff\u00bb custom_background_color=\u00bb#f2dab2&#8243;][vc_column_text]<\/p>\n<h4 style=\"text-align: left;\"><strong>Compartimos<\/strong><\/h4>\n<p>[\/vc_column_text][vc_column_text css=\u00bb.vc_custom_1707688914623{padding-top: 20px !important;}\u00bb]<\/p>\n<p style=\"text-align: left;\">Trabajamos la cohesi\u00f3n de grupo a trav\u00e9s de actividades en las que es necesaria la motivaci\u00f3n colectiva y la ayuda entre los\/las compa\u00f1eros\/as.<\/p>\n<p>[\/vc_column_text][\/vc_column][vc_column width=\u00bb1\/4&#8243; css=\u00bb.vc_custom_1587990790654{padding-top: 20px !important;}\u00bb][vc_icon icon_fontawesome=\u00bbfas fa-link\u00bb color=\u00bbcustom\u00bb background_style=\u00bbrounded\u00bb background_color=\u00bbcustom\u00bb size=\u00bblg\u00bb custom_color=\u00bb#ffffff\u00bb custom_background_color=\u00bb#f2dab2&#8243;][vc_column_text]<\/p>\n<h4 style=\"text-align: left;\"><strong>Conectamos<\/strong><\/h4>\n<p>[\/vc_column_text][vc_column_text css=\u00bb.vc_custom_1707688927218{padding-top: 20px !important;}\u00bb]<\/p>\n<p style=\"text-align: left;\">Nos relacionamos con personas que tienen intereses similares a los nuestros, compartimos experiencias e inquietudes.<\/p>\n<p>[\/vc_column_text][\/vc_column][vc_column width=\u00bb1\/4&#8243; css=\u00bb.vc_custom_1587990803390{padding-top: 20px !important;}\u00bb][vc_icon icon_fontawesome=\u00bbfab fa-slideshare\u00bb color=\u00bbcustom\u00bb background_style=\u00bbrounded\u00bb background_color=\u00bbcustom\u00bb size=\u00bblg\u00bb custom_color=\u00bb#ffffff\u00bb custom_background_color=\u00bb#f2dab2&#8243;][vc_column_text]<\/p>\n<h4 style=\"text-align: left;\"><strong>Confiamos<\/strong><\/h4>\n<p>[\/vc_column_text][vc_column_text css=\u00bb.vc_custom_1707688969935{padding-top: 20px !important;}\u00bb]<\/p>\n<p style=\"text-align: left;\">Aprender nuevas formas para sentirnos c\u00f3modos interaccionando con la naturaleza.<\/p>\n<p>[\/vc_column_text][\/vc_column][\/vc_row][vc_row css_animation=\u00bbfadeIn\u00bb row_type=\u00bbrow\u00bb use_row_as_full_screen_section=\u00bbno\u00bb type=\u00bbfull_width\u00bb angled_section=\u00bbno\u00bb text_align=\u00bbleft\u00bb background_image_as_pattern=\u00bbwithout_pattern\u00bb z_index=\u00bb\u00bb css=\u00bb.vc_custom_1678806911115{padding-right: 7% !important;padding-left: 7% !important;}\u00bb][vc_column][vc_column_text]<\/p>\n<h3 style=\"text-align: left;\">Quieres saber m\u00e1s de nuestros otros camps?<\/h3>\n<p>[\/vc_column_text][vc_btn title=\u00bbM\u00c1S INFORMACI\u00d3N\u00bb style=\u00bbcustom\u00bb custom_background=\u00bb#f2dab2&#8243; custom_text=\u00bb#003e52&#8243; align=\u00bbleft\u00bb i_icon_fontawesome=\u00bbfab fa-wpforms\u00bb add_icon=\u00bbtrue\u00bb link=\u00bburl:https%3A%2F%2Fwww.agroruralsurf.com%2Fars-camps-casals-de-surf-i-skate%2F|title:FORMULARI%20D&#8217;INSCRIPCI%C3%93&#8243; css=\u00bb.vc_custom_1707690326324{padding-top: 5% !important;padding-bottom: 5% !important;}\u00bb][\/vc_column][\/vc_row][vc_row row_type=\u00bbrow\u00bb use_row_as_full_screen_section=\u00bbno\u00bb type=\u00bbfull_width\u00bb angled_section=\u00bbno\u00bb text_align=\u00bbleft\u00bb background_image_as_pattern=\u00bbwithout_pattern\u00bb z_index=\u00bb\u00bb][vc_column][rev_slider_vc alias=\u00bbcasal-primavera-1&#8243;][\/vc_column][\/vc_row][vc_row css_animation=\u00bbfadeIn\u00bb row_type=\u00bbrow\u00bb use_row_as_full_screen_section=\u00bbno\u00bb type=\u00bbfull_width\u00bb angled_section=\u00bbno\u00bb text_align=\u00bbleft\u00bb background_image_as_pattern=\u00bbwithout_pattern\u00bb z_index=\u00bb\u00bb padding_top=\u00bb166&#8243; padding_bottom=\u00bb100&#8243; css=\u00bb.vc_custom_1707684331212{padding-top: 5% !important;padding-right: 7% !important;padding-bottom: 5% !important;padding-left: 7% !important;}\u00bb][vc_column css=\u00bb.vc_custom_1587929712599{padding-top: 20px !important;}\u00bb][vc_column_text]<\/p>\n<h2 style=\"text-align: left;\"><strong>fechas &#8211; Precios<\/strong><\/h2>\n<p>[\/vc_column_text][vc_column_text css=\u00bb.vc_custom_1707689057734{padding-bottom: 20px !important;}\u00bb]<\/p>\n<h3 style=\"text-align: left;\">Plazos y descuentos<\/h3>\n<p>[\/vc_column_text][vc_row_inner css=\u00bb.vc_custom_1677246383111{padding-top: 10% !important;}\u00bb][vc_column_inner width=\u00bb1\/3&#8243; css=\u00bb.vc_custom_1677441705452{padding-bottom: 5% !important;}\u00bb][vc_icon icon_fontawesome=\u00bbfas fa-calendar-week\u00bb color=\u00bbcustom\u00bb size=\u00bblg\u00bb custom_color=\u00bb#f2dab2&#8243;][vc_column_text]<\/p>\n<p style=\"text-align: left;\">Del lunes 30 de marzo al jueves 2 de abril<\/p>\n<p>&nbsp;<\/p>\n<p style=\"text-align: left;\">de 9:30 a 13:30<\/p>\n<p>[\/vc_column_text][vc_column_text]<\/p>\n<h4 style=\"text-align: left;\">104\u20ac<\/h4>\n<p>[\/vc_column_text][\/vc_column_inner][vc_column_inner width=\u00bb1\/3&#8243; css=\u00bb.vc_custom_1677441712694{padding-bottom: 5% !important;}\u00bb][vc_icon icon_fontawesome=\u00bbfas fa-angle-down\u00bb color=\u00bbcustom\u00bb size=\u00bblg\u00bb custom_color=\u00bb#f2dab2&#8243;][vc_column_text]Inscripciones <strong>con descuento<\/strong> del 1 de febrero hasta el 1 de marzo<\/p>\n<p>repetidores (5%) y hermanos (5%).<\/p>\n<p>Si traes a un alumno nuevo tienes <strong>5%<\/strong> de descuento m\u00e1s[\/vc_column_text][\/vc_column_inner][vc_column_inner width=\u00bb1\/3&#8243; css=\u00bb.vc_custom_1677441719274{padding-bottom: 5% !important;}\u00bb][vc_icon icon_fontawesome=\u00bbfas fa-angle-down\u00bb color=\u00bbcustom\u00bb size=\u00bblg\u00bb custom_color=\u00bb#f2dab2&#8243;][vc_column_text css=\u00bb.vc_custom_1769854996712{padding-bottom: 20px !important;}\u00bb]<\/p>\n<p style=\"text-align: left;\">Inscripciones <strong>sin descuento<\/strong> del 2 al 20 de marzo.<\/p>\n<p>[\/vc_column_text][\/vc_column_inner][\/vc_row_inner][\/vc_column][\/vc_row][vc_row css_animation=\u00bbfadeIn\u00bb row_type=\u00bbrow\u00bb use_row_as_full_screen_section=\u00bbno\u00bb type=\u00bbfull_width\u00bb angled_section=\u00bbno\u00bb text_align=\u00bbleft\u00bb background_image_as_pattern=\u00bbwithout_pattern\u00bb z_index=\u00bb\u00bb padding_top=\u00bb166&#8243; padding_bottom=\u00bb100&#8243; css=\u00bb.vc_custom_1677443608173{padding-top: 5% !important;padding-right: 7% !important;padding-bottom: 5% !important;padding-left: 7% !important;}\u00bb][vc_column css=\u00bb.vc_custom_1707690570270{padding-top: 20px !important;}\u00bb][vc_column_text css=\u00bb.vc_custom_1707689402200{padding-bottom: 20px !important;}\u00bb]<\/p>\n<h2 style=\"text-align: left;\"><strong>Proceso de inscripci\u00f3n<\/strong><\/h2>\n<p>[\/vc_column_text][vc_column_text css=\u00bb.vc_custom_1708429292085{padding-top: 20px !important;padding-bottom: 10px !important;}\u00bb]<\/p>\n<p style=\"text-align: left;\">Las inscripciones se formalizan una vez cumplimentado y enviado el formulario con toda la documentaci\u00f3n correspondiente. Este proceso deber\u00e1 hacerse efectivo y tendr\u00e1 la misma validez en el per\u00edodo de preinscripciones y en el de inscripciones.<\/p>\n<p style=\"text-align: left;\">Para ello necesitar\u00e1s:<\/p>\n<p>[\/vc_column_text][vc_row_inner css=\u00bb.vc_custom_1677246581447{padding-top: 5% !important;}\u00bb][vc_column_inner width=\u00bb1\/3&#8243;][vc_column_text]<\/p>\n<h4 style=\"text-align: left;\">1<\/h4>\n<p>[\/vc_column_text][vc_column_text css=\u00bb.vc_custom_1708429299026{padding-top: 10px !important;padding-bottom: 25px !important;}\u00bb]<\/p>\n<p style=\"text-align: left;\"><strong>Justificante de pago<\/strong><\/p>\n<p style=\"text-align: left;\">Es necesario efectuar el pago a trav\u00e9s de transferencia bancaria al siguiente n\u00famero de cuenta: ES2514650100951724719815 y adjuntarlo al formulario.<\/p>\n<p>[\/vc_column_text][\/vc_column_inner][vc_column_inner width=\u00bb1\/3&#8243;][vc_column_text]<\/p>\n<h4 style=\"text-align: left;\">2<\/h4>\n<p>[\/vc_column_text][vc_column_text css=\u00bb.vc_custom_1741868248416{padding-top: 10px !important;padding-bottom: 25px !important;}\u00bb]<\/p>\n<p style=\"text-align: left;\"><strong>Rellenar el formulario<\/strong><\/p>\n<p style=\"text-align: left;\">Es necesario rellenar el formulario que encontrar\u00e1 a continuaci\u00f3n con toda la informaci\u00f3n necesaria.<\/p>\n<p>[\/vc_column_text][\/vc_column_inner][vc_column_inner width=\u00bb1\/3&#8243;][vc_column_text]<\/p>\n<h4 style=\"text-align: left;\">3<\/h4>\n<p>[\/vc_column_text][vc_column_text css=\u00bb.vc_custom_1708429310958{padding-top: 10px !important;padding-bottom: 25px !important;}\u00bb]<\/p>\n<p style=\"text-align: left;\"><strong>Comprobaci\u00f3n del correo electr\u00f3nico<\/strong><\/p>\n<p style=\"text-align: left;\">Una vez enviado el formulario, comprobar en el correo electr\u00f3nico que se ha inscrito correctamente y que todos los datos son correctos.<\/p>\n<p>[\/vc_column_text][\/vc_column_inner][\/vc_row_inner][vc_btn title=\u00bbFORMULARIO DE INSCRIPCI\u00d3N\u00bb style=\u00bbcustom\u00bb custom_background=\u00bb#f2dab2&#8243; custom_text=\u00bb#003e52&#8243; align=\u00bbleft\u00bb i_icon_fontawesome=\u00bbfab fa-wpforms\u00bb add_icon=\u00bbtrue\u00bb link=\u00bburl:https%3A%2F%2Fforms.gle%2FJectfoiH2JpG7349A|title:FORMULARI%20D&#8217;INSCRIPCI%C3%93&#8243; css=\u00bb.vc_custom_1741868272951{padding-top: 5% !important;padding-bottom: 5% !important;}\u00bb][\/vc_column][\/vc_row][vc_row css_animation=\u00bbfadeIn\u00bb row_type=\u00bbrow\u00bb use_row_as_full_screen_section=\u00bbno\u00bb type=\u00bbfull_width\u00bb angled_section=\u00bbno\u00bb text_align=\u00bbleft\u00bb background_image_as_pattern=\u00bbwithout_pattern\u00bb z_index=\u00bb\u00bb padding_top=\u00bb166&#8243; padding_bottom=\u00bb100&#8243; css=\u00bb.vc_custom_1677443608173{padding-top: 5% !important;padding-right: 7% !important;padding-bottom: 5% !important;padding-left: 7% !important;}\u00bb][vc_column css=\u00bb.vc_custom_1707690570270{padding-top: 20px !important;}\u00bb][vc_column_text css=\u00bb.vc_custom_1769855019445{padding-bottom: 20px !important;}\u00bb]<\/p>\n<h2 style=\"text-align: left;\"><strong>Autocar desde Girona<\/strong><\/h2>\n<p>[\/vc_column_text][vc_column_text css=\u00bb.vc_custom_1708429373638{padding-top: 20px !important;padding-bottom: 10px !important;}\u00bb]<\/p>\n<h3 style=\"text-align: left;\">Transporte desde Girona hasta L&#8217;Estartit pasando por los diferentes pueblos de la misma l\u00ednea.<\/h3>\n<p>[\/vc_column_text][vc_column_text css=\u00bb.vc_custom_1769855027419{padding-top: 20px !important;padding-bottom: 10px !important;}\u00bb]<\/p>\n<p style=\"text-align: left;\">Ya tenemos casal de verano 2026 para todos los ni\u00f1os y ni\u00f1as de Gerona. La l\u00ednea regular de autocar AMPSA de Girona a L&#8217;Estartit nos facilita el transporte para todos aquellos que viven en Girona oa lo largo del camino. La Estaci\u00f3n de Bus de Girona se encuentra enterrada donde se toma el AVE.<\/p>\n<p style=\"text-align: left;\">El horario del bus es: salida de Girona a las 7:45h y llega al Estartit a las 8:45h. La vuelta se har\u00e1 por la tarde y se sale del Estartit a las 17:15h y se llega a Girona a las 18:25h. En caso de que quiera descargarse el horario del autocar haga clic AQU\u00cd<\/p>\n<p style=\"text-align: left;\">La escuela pondr\u00e1 un monitor para acompa\u00f1ar a los ni\u00f1os a lo largo del viaje en caso de que haya suficientes ni\u00f1os en cada una de las semanas del casal de forma gratuita.<\/p>\n<p style=\"text-align: left;\">El precio con descuentos para todos los alumnos es un abono de 35\u20ac por 10 viajes (Girona &#8211; Estartit) que deber\u00e1 hacerse efectivo el primer d\u00eda. En caso de que se quiera hacer uso del autocar desde otra parada deber\u00e1 ponerse en contacto con la empresa y pedir precios.<\/p>\n<p style=\"text-align: left;\">En caso de que no haya un m\u00ednimo de 3 ni\u00f1os que suban desde Girona, el servicio de monitorizaci\u00f3n no se podr\u00e1 garantizar. De todas formas el servicio de transporte seguir\u00e1 funcionando.<\/p>\n<p>[\/vc_column_text][vc_btn title=\u00bbFORMULARIO DE INSCRIPCI\u00d3N\u00bb style=\u00bbcustom\u00bb custom_background=\u00bb#f2dab2&#8243; custom_text=\u00bb#003e52&#8243; align=\u00bbleft\u00bb i_icon_fontawesome=\u00bbfab fa-wpforms\u00bb add_icon=\u00bbtrue\u00bb link=\u00bburl:https%3A%2F%2Fforms.gle%2FJectfoiH2JpG7349A|title:FORMULARI%20D&#8217;INSCRIPCI%C3%93&#8243; css=\u00bb.vc_custom_1741868362173{padding-top: 5% !important;padding-bottom: 5% !important;}\u00bb][\/vc_column][\/vc_row][vc_row css_animation=\u00bbfadeIn\u00bb row_type=\u00bbrow\u00bb use_row_as_full_screen_section=\u00bbno\u00bb type=\u00bbfull_width\u00bb angled_section=\u00bbno\u00bb text_align=\u00bbleft\u00bb background_image_as_pattern=\u00bbwithout_pattern\u00bb z_index=\u00bb\u00bb padding_top=\u00bb166&#8243; padding_bottom=\u00bb100&#8243; css=\u00bb.vc_custom_1677443630912{padding-top: 5% !important;padding-right: 7% !important;padding-bottom: 5% !important;padding-left: 7% !important;}\u00bb][vc_column width=\u00bb1\/2&#8243; css=\u00bb.vc_custom_1707685826791{padding-top: 20px !important;}\u00bb][vc_gmaps link=\u00bb#E-8_JTNDaWZyYW1lJTIwc3JjJTNEJTIyaHR0cHMlM0ElMkYlMkZ3d3cuZ29vZ2xlLmNvbSUyRm1hcHMlMkZlbWJlZCUzRnBiJTNEJTIxMW0xOCUyMTFtMTIlMjExbTMlMjExZDU5MjUuNDY2MDQ0MjkyNTA3JTIxMmQzLjE5Mzg4ODczMzIzMzY5OSUyMTNkNDIuMDQ4OTA0OTU4OTE0NDklMjEybTMlMjExZjAlMjEyZjAlMjEzZjAlMjEzbTIlMjExaTEwMjQlMjEyaTc2OCUyMTRmMTMuMSUyMTNtMyUyMTFtMiUyMTFzMHgxMmJhNWExMzgwNGIxYWY1JTI1M0EweGIyZDU3NTZhYWRlNjIxOWIlMjEyc0VzY29sYSUyNTIwZGUlMjUyMFN1cmYlMjUyMEVtcG9yZCUyNUMzJTI1QTAlMjE1ZTAlMjEzbTIlMjExc2VzJTIxMnNlcyUyMTR2MTU4NzkxMDI3NTcyMSUyMTVtMiUyMTFzZXMlMjEyc2VzJTIyJTIwd2lkdGglM0QlMjI0MDAlMjIlMjBoZWlnaHQlM0QlMjIzMDAlMjIlMjBmcmFtZWJvcmRlciUzRCUyMjAlMjIlMjBzdHlsZSUzRCUyMmJvcmRlciUzQTAlM0IlMjIlMjBhbGxvd2Z1bGxzY3JlZW4lM0QlMjIlMjIlMjBhcmlhLWhpZGRlbiUzRCUyMmZhbHNlJTIyJTIwdGFiaW5kZXglM0QlMjIwJTIyJTNFJTNDJTJGaWZyYW1lJTNF\u00bb css=\u00bb.vc_custom_1677444040573{padding-bottom: 20px !important;}\u00bb][\/vc_column][vc_column width=\u00bb1\/2&#8243; css=\u00bb.vc_custom_1707685832993{border-left-width: 3px !important;padding-top: 10px !important;padding-right: 10px !important;padding-bottom: 10px !important;padding-left: 10px !important;}\u00bb][vc_column_text]<\/p>\n<h2 style=\"text-align: left;\"><strong>UBICACI\u00d3n<\/strong><\/h2>\n<p>[\/vc_column_text][vc_column_text css=\u00bb.vc_custom_1707685694920{padding-bottom: 35px !important;}\u00bb]<\/p>\n<h3 style=\"text-align: left;\">Estartit<\/h3>\n<p>[\/vc_column_text][vc_column_text css=\u00bb.vc_custom_1707689498518{padding-top: 20px !important;padding-bottom: 20px !important;}\u00bb]<\/p>\n<p style=\"text-align: left;\">El punto de encuentro del campo es en Estartit donde disponemos de un local de 300m2 o tenemos la escuela de surf y skate, de uso exclusivo para el ARS Camp, que se encuentra en la Calle Salinas n\u00ba16. El local tiene una localizaci\u00f3n perfecta. Se encuentra en su punto medio entre la playa grande de l&#8217;Estartit y el skatepark de l&#8217;Estartit con menos de 100m caminando hasta la playa y menos de 200m caminando hasta el skatepark.<\/p>\n<p>[\/vc_column_text][\/vc_column][\/vc_row]<\/p>\n","protected":false},"excerpt":{"rendered":"<p>[vc_row row_type=\u00bbrow\u00bb use_row_as_full_screen_section=\u00bbno\u00bb type=\u00bbfull_width\u00bb angled_section=\u00bbno\u00bb text_align=\u00bbleft\u00bb background_image_as_pattern=\u00bbwithout_pattern\u00bb z_index=\u00bb\u00bb][vc_column][\/vc_column][\/vc_row][vc_row css_animation=\u00bbfadeIn\u00bb row_type=\u00bbrow\u00bb use_row_as_full_screen_section=\u00bbno\u00bb type=\u00bbgrid\u00bb angled_section=\u00bbno\u00bb text_align=\u00bbleft\u00bb background_image_as_pattern=\u00bbwithout_pattern\u00bb css=\u00bb.vc_custom_1677443501651{padding-top: 5% !important;padding-right: 7% !important;padding-bottom: 5% !important;padding-left: 7% !important;}\u00bb z_index=\u00bb\u00bb][vc_column width=\u00bb1\/2&#8243; css=\u00bb.vc_custom_1677448958066{padding-top: 5% !important;}\u00bb offset=\u00bbvc_hidden-lg&#8230;<\/p>\n","protected":false},"author":3,"featured_media":0,"parent":0,"menu_order":0,"comment_status":"closed","ping_status":"closed","template":"full_width.php","meta":[],"yoast_head":"<!-- This site is optimized with the Yoast SEO plugin v19.6.1 - https:\/\/yoast.com\/wordpress\/plugins\/seo\/ -->\n<title>Surf Camp semana santa - agroruralsurf<\/title>\n<meta name=\"description\" content=\"Prep\u00e1rate para una semana santa emocionante en la escuela con nuestro Agro Rural Surf camp de surf y skate\" \/>\n<meta name=\"robots\" content=\"index, follow, max-snippet:-1, max-image-preview:large, max-video-preview:-1\" \/>\n<link rel=\"canonical\" href=\"https:\/\/www.agroruralsurf.com\/es\/surf-camp-semana-santa\/\" \/>\n<meta property=\"og:locale\" content=\"es_ES\" \/>\n<meta property=\"og:type\" content=\"article\" \/>\n<meta property=\"og:title\" content=\"Surf Camp semana santa - agroruralsurf\" \/>\n<meta property=\"og:description\" content=\"Prep\u00e1rate para una semana santa emocionante en la escuela con nuestro Agro Rural Surf camp de surf y skate\" \/>\n<meta property=\"og:url\" content=\"https:\/\/www.agroruralsurf.com\/es\/surf-camp-semana-santa\/\" \/>\n<meta property=\"og:site_name\" content=\"agroruralsurf\" \/>\n<meta property=\"article:publisher\" content=\"https:\/\/www.facebook.com\/agroruralsurf\/\" \/>\n<meta property=\"article:modified_time\" content=\"2026-01-31T10:27:05+00:00\" \/>\n<meta property=\"og:image\" content=\"https:\/\/www.agroruralsurf.com\/wp-content\/uploads\/2021\/05\/WEB2-scaled.jpg\" \/>\n\t<meta property=\"og:image:width\" content=\"2560\" \/>\n\t<meta property=\"og:image:height\" content=\"1536\" \/>\n\t<meta property=\"og:image:type\" content=\"image\/jpeg\" \/>\n<meta name=\"twitter:card\" content=\"summary_large_image\" \/>\n<meta name=\"twitter:label1\" content=\"Tiempo de lectura\" \/>\n\t<meta name=\"twitter:data1\" content=\"11 minutos\" \/>\n<script type=\"application\/ld+json\" class=\"yoast-schema-graph\">{\"@context\":\"https:\/\/schema.org\",\"@graph\":[{\"@type\":\"WebPage\",\"@id\":\"https:\/\/www.agroruralsurf.com\/es\/surf-camp-semana-santa\/\",\"url\":\"https:\/\/www.agroruralsurf.com\/es\/surf-camp-semana-santa\/\",\"name\":\"Surf Camp semana santa - agroruralsurf\",\"isPartOf\":{\"@id\":\"https:\/\/www.agroruralsurf.com\/#website\"},\"datePublished\":\"2021-02-24T16:10:36+00:00\",\"dateModified\":\"2026-01-31T10:27:05+00:00\",\"description\":\"Prep\u00e1rate para una semana santa emocionante en la escuela con nuestro Agro Rural Surf camp de surf y skate\",\"breadcrumb\":{\"@id\":\"https:\/\/www.agroruralsurf.com\/es\/surf-camp-semana-santa\/#breadcrumb\"},\"inLanguage\":\"es\",\"potentialAction\":[{\"@type\":\"ReadAction\",\"target\":[\"https:\/\/www.agroruralsurf.com\/es\/surf-camp-semana-santa\/\"]}]},{\"@type\":\"BreadcrumbList\",\"@id\":\"https:\/\/www.agroruralsurf.com\/es\/surf-camp-semana-santa\/#breadcrumb\",\"itemListElement\":[{\"@type\":\"ListItem\",\"position\":1,\"name\":\"Inici\",\"item\":\"https:\/\/www.agroruralsurf.com\/\"},{\"@type\":\"ListItem\",\"position\":2,\"name\":\"Surf Camp semana santa\"}]},{\"@type\":\"WebSite\",\"@id\":\"https:\/\/www.agroruralsurf.com\/#website\",\"url\":\"https:\/\/www.agroruralsurf.com\/\",\"name\":\"agroruralsurf\",\"description\":\"agroruralsurf\",\"publisher\":{\"@id\":\"https:\/\/www.agroruralsurf.com\/#organization\"},\"potentialAction\":[{\"@type\":\"SearchAction\",\"target\":{\"@type\":\"EntryPoint\",\"urlTemplate\":\"https:\/\/www.agroruralsurf.com\/?s={search_term_string}\"},\"query-input\":\"required name=search_term_string\"}],\"inLanguage\":\"es\"},{\"@type\":\"Organization\",\"@id\":\"https:\/\/www.agroruralsurf.com\/#organization\",\"name\":\"Agro Rural Surf\",\"url\":\"https:\/\/www.agroruralsurf.com\/\",\"sameAs\":[\"https:\/\/www.instagram.com\/agroruralsurf\/\",\"https:\/\/www.youtube.com\/channel\/UCqe6P2fGcAVgk66aE8VP_kA\",\"https:\/\/www.facebook.com\/agroruralsurf\/\"],\"logo\":{\"@type\":\"ImageObject\",\"inLanguage\":\"es\",\"@id\":\"https:\/\/www.agroruralsurf.com\/#\/schema\/logo\/image\/\",\"url\":\"https:\/\/www.agroruralsurf.com\/wp-content\/uploads\/2019\/11\/cropped-Logo-rodo-negre@2x.png\",\"contentUrl\":\"https:\/\/www.agroruralsurf.com\/wp-content\/uploads\/2019\/11\/cropped-Logo-rodo-negre@2x.png\",\"width\":512,\"height\":512,\"caption\":\"Agro Rural Surf\"},\"image\":{\"@id\":\"https:\/\/www.agroruralsurf.com\/#\/schema\/logo\/image\/\"}}]}<\/script>\n<!-- \/ Yoast SEO plugin. -->","yoast_head_json":{"title":"Surf Camp semana santa - agroruralsurf","description":"Prep\u00e1rate para una semana santa emocionante en la escuela con nuestro Agro Rural Surf camp de surf y skate","robots":{"index":"index","follow":"follow","max-snippet":"max-snippet:-1","max-image-preview":"max-image-preview:large","max-video-preview":"max-video-preview:-1"},"canonical":"https:\/\/www.agroruralsurf.com\/es\/surf-camp-semana-santa\/","og_locale":"es_ES","og_type":"article","og_title":"Surf Camp semana santa - agroruralsurf","og_description":"Prep\u00e1rate para una semana santa emocionante en la escuela con nuestro Agro Rural Surf camp de surf y skate","og_url":"https:\/\/www.agroruralsurf.com\/es\/surf-camp-semana-santa\/","og_site_name":"agroruralsurf","article_publisher":"https:\/\/www.facebook.com\/agroruralsurf\/","article_modified_time":"2026-01-31T10:27:05+00:00","og_image":[{"width":2560,"height":1536,"url":"https:\/\/www.agroruralsurf.com\/wp-content\/uploads\/2021\/05\/WEB2-scaled.jpg","type":"image\/jpeg"}],"twitter_card":"summary_large_image","twitter_misc":{"Tiempo de lectura":"11 minutos"},"schema":{"@context":"https:\/\/schema.org","@graph":[{"@type":"WebPage","@id":"https:\/\/www.agroruralsurf.com\/es\/surf-camp-semana-santa\/","url":"https:\/\/www.agroruralsurf.com\/es\/surf-camp-semana-santa\/","name":"Surf Camp semana santa - agroruralsurf","isPartOf":{"@id":"https:\/\/www.agroruralsurf.com\/#website"},"datePublished":"2021-02-24T16:10:36+00:00","dateModified":"2026-01-31T10:27:05+00:00","description":"Prep\u00e1rate para una semana santa emocionante en la escuela con nuestro Agro Rural Surf camp de surf y skate","breadcrumb":{"@id":"https:\/\/www.agroruralsurf.com\/es\/surf-camp-semana-santa\/#breadcrumb"},"inLanguage":"es","potentialAction":[{"@type":"ReadAction","target":["https:\/\/www.agroruralsurf.com\/es\/surf-camp-semana-santa\/"]}]},{"@type":"BreadcrumbList","@id":"https:\/\/www.agroruralsurf.com\/es\/surf-camp-semana-santa\/#breadcrumb","itemListElement":[{"@type":"ListItem","position":1,"name":"Inici","item":"https:\/\/www.agroruralsurf.com\/"},{"@type":"ListItem","position":2,"name":"Surf Camp semana santa"}]},{"@type":"WebSite","@id":"https:\/\/www.agroruralsurf.com\/#website","url":"https:\/\/www.agroruralsurf.com\/","name":"agroruralsurf","description":"agroruralsurf","publisher":{"@id":"https:\/\/www.agroruralsurf.com\/#organization"},"potentialAction":[{"@type":"SearchAction","target":{"@type":"EntryPoint","urlTemplate":"https:\/\/www.agroruralsurf.com\/?s={search_term_string}"},"query-input":"required name=search_term_string"}],"inLanguage":"es"},{"@type":"Organization","@id":"https:\/\/www.agroruralsurf.com\/#organization","name":"Agro Rural Surf","url":"https:\/\/www.agroruralsurf.com\/","sameAs":["https:\/\/www.instagram.com\/agroruralsurf\/","https:\/\/www.youtube.com\/channel\/UCqe6P2fGcAVgk66aE8VP_kA","https:\/\/www.facebook.com\/agroruralsurf\/"],"logo":{"@type":"ImageObject","inLanguage":"es","@id":"https:\/\/www.agroruralsurf.com\/#\/schema\/logo\/image\/","url":"https:\/\/www.agroruralsurf.com\/wp-content\/uploads\/2019\/11\/cropped-Logo-rodo-negre@2x.png","contentUrl":"https:\/\/www.agroruralsurf.com\/wp-content\/uploads\/2019\/11\/cropped-Logo-rodo-negre@2x.png","width":512,"height":512,"caption":"Agro Rural Surf"},"image":{"@id":"https:\/\/www.agroruralsurf.com\/#\/schema\/logo\/image\/"}}]}},"_links":{"self":[{"href":"https:\/\/www.agroruralsurf.com\/es\/wp-json\/wp\/v2\/pages\/25960"}],"collection":[{"href":"https:\/\/www.agroruralsurf.com\/es\/wp-json\/wp\/v2\/pages"}],"about":[{"href":"https:\/\/www.agroruralsurf.com\/es\/wp-json\/wp\/v2\/types\/page"}],"author":[{"embeddable":true,"href":"https:\/\/www.agroruralsurf.com\/es\/wp-json\/wp\/v2\/users\/3"}],"replies":[{"embeddable":true,"href":"https:\/\/www.agroruralsurf.com\/es\/wp-json\/wp\/v2\/comments?post=25960"}],"version-history":[{"count":12,"href":"https:\/\/www.agroruralsurf.com\/es\/wp-json\/wp\/v2\/pages\/25960\/revisions"}],"predecessor-version":[{"id":31381,"href":"https:\/\/www.agroruralsurf.com\/es\/wp-json\/wp\/v2\/pages\/25960\/revisions\/31381"}],"wp:attachment":[{"href":"https:\/\/www.agroruralsurf.com\/es\/wp-json\/wp\/v2\/media?parent=25960"}],"curies":[{"name":"wp","href":"https:\/\/api.w.org\/{rel}","templated":true}]}}