{"id":26090,"date":"2020-05-11T19:16:29","date_gmt":"2020-05-11T19:16:29","guid":{"rendered":"https:\/\/www.agroruralsurf.com\/surf-trip-cantabria\/"},"modified":"2026-01-31T09:24:47","modified_gmt":"2026-01-31T09:24:47","slug":"viaje-surf-cantabria","status":"publish","type":"page","link":"https:\/\/www.agroruralsurf.com\/es\/viaje-surf-cantabria\/","title":{"rendered":"Viaje Surf Cantabria"},"content":{"rendered":"<p>[vc_row row_type=\u00bbrow\u00bb use_row_as_full_screen_section=\u00bbno\u00bb type=\u00bbfull_width\u00bb angled_section=\u00bbno\u00bb text_align=\u00bbleft\u00bb background_image_as_pattern=\u00bbwithout_pattern\u00bb z_index=\u00bb\u00bb][vc_column][rev_slider_vc alias=\u00bbcantabria-banner\u00bb][\/vc_column][\/vc_row][vc_row row_type=\u00bbrow\u00bb use_row_as_full_screen_section=\u00bbno\u00bb type=\u00bbfull_width\u00bb angled_section=\u00bbno\u00bb text_align=\u00bbleft\u00bb background_image_as_pattern=\u00bbwithout_pattern\u00bb z_index=\u00bb\u00bb padding_top=\u00bb166&#8243; padding_bottom=\u00bb100&#8243; css=\u00bb.vc_custom_1682425653090{padding-top: 5% !important;padding-right: 7% !important;padding-bottom: 5% !important;padding-left: 7% !important;}\u00bb][vc_column width=\u00bb1\/2&#8243; css=\u00bb.vc_custom_1587929712599{padding-top: 20px !important;}\u00bb][vc_single_image image=\u00bb17923&#8243; img_size=\u00bb500&#215;500&#8243;][\/vc_column][vc_column width=\u00bb1\/2&#8243; css=\u00bb.vc_custom_1682841074786{padding-top: 10px !important;padding-right: 10px !important;padding-bottom: 10px !important;padding-left: 10px !important;}\u00bb][vc_column_text css=\u00bb.vc_custom_1769851260875{padding-bottom: 35px !important;}\u00bb]<\/p>\n<h1 style=\"text-align: left;\"><strong>VIAJE SURF CANTABRIA<\/strong><\/h1>\n<p>[\/vc_column_text][vc_column_text css=\u00bb.vc_custom_1769851485491{padding-bottom: 35px !important;}\u00bb]<\/p>\n<h3 style=\"text-align: left;\">Viaje de surf en Cantabria para j\u00f3venes del 24 al 28 de agosto a Cantabria.<\/h3>\n<p>[\/vc_column_text][vc_column_text css=\u00bb.vc_custom_1769851308808{padding-top: 20px !important;padding-bottom: 20px !important;}\u00bb]<\/p>\n<p style=\"text-align: left;\">Durante la \u00faltima semana de agosto agroruralsurf organiza el esperado viaje de surf en Cantabria. Durante una semana j\u00f3venes de 14 a 18 a\u00f1os disfrutar\u00e1n de surf, skate y otras muchas actividades. Salimos con furgoneta todos juntos y ya comienza la aventura, con pruebas, risas y nuevas amistades.<\/p>\n<p>[\/vc_column_text][\/vc_column][\/vc_row][vc_row row_type=\u00bbrow\u00bb use_row_as_full_screen_section=\u00bbno\u00bb type=\u00bbfull_width\u00bb angled_section=\u00bbno\u00bb text_align=\u00bbleft\u00bb background_image_as_pattern=\u00bbwithout_pattern\u00bb z_index=\u00bb\u00bb padding_top=\u00bb166&#8243; padding_bottom=\u00bb100&#8243; css=\u00bb.vc_custom_1682425701022{padding-top: 5% !important;padding-right: 7% !important;padding-bottom: 5% !important;padding-left: 7% !important;}\u00bb][vc_column css=\u00bb.vc_custom_1682426104812{padding-top: 10px !important;padding-right: 10px !important;padding-bottom: 10px !important;padding-left: 10px !important;}\u00bb][vc_column_text css=\u00bb.vc_custom_1769851296491{padding-bottom: 35px !important;}\u00bb]<\/p>\n<h2 style=\"text-align: left;\">Motivos para apuntarse en el viaje de surf en Cantabria<\/h2>\n<p>[\/vc_column_text][vc_column_text css=\u00bb.vc_custom_1682590249410{padding-top: 20px !important;padding-bottom: 20px !important;}\u00bb]<\/p>\n<p style=\"text-align: left;\">Son muchos los motivos para los que un viaje de surf con estas edades es muy necesario. Nos encontramos en una edad que queremos vivir experiencias inolvidables, realizar el deporte que nos motiva m\u00e1s rodeados de buenos amigos.<\/p>\n<p>[\/vc_column_text][\/vc_column][\/vc_row][vc_row row_type=\u00bbrow\u00bb use_row_as_full_screen_section=\u00bbno\u00bb type=\u00bbfull_width\u00bb angled_section=\u00bbno\u00bb text_align=\u00bbcenter\u00bb background_image_as_pattern=\u00bbwithout_pattern\u00bb z_index=\u00bb\u00bb padding_top=\u00bb166&#8243; padding_bottom=\u00bb100&#8243; css=\u00bb.vc_custom_1682841992069{padding-right: 7% !important;padding-bottom: 5% !important;padding-left: 7% !important;}\u00bb][vc_column css_animation=\u00bbnone\u00bb width=\u00bb1\/4&#8243; css=\u00bb.vc_custom_1588854695842{padding-top: 20px !important;}\u00bb][vc_icon icon_fontawesome=\u00bbfas fa-water\u00bb color=\u00bbcustom\u00bb background_style=\u00bbrounded\u00bb background_color=\u00bbcustom\u00bb size=\u00bblg\u00bb custom_color=\u00bb#f2dab2&#8243;][vc_column_text]<\/p>\n<h3 style=\"text-align: left;\">Surfing<\/h3>\n<p>[\/vc_column_text][vc_column_text css=\u00bb.vc_custom_1682590261091{padding-top: 20px !important;}\u00bb]<\/p>\n<p style=\"text-align: left;\">Queremos que mejores tu surfing. Por eso damos clases de surf diarias y sesiones de v\u00eddeo-correcci\u00f3n para optimizar el aprendizaje.<\/p>\n<p>[\/vc_column_text][\/vc_column][vc_column width=\u00bb1\/4&#8243; css=\u00bb.vc_custom_1587990784673{padding-top: 20px !important;}\u00bb][vc_icon icon_fontawesome=\u00bbfas fa-users\u00bb color=\u00bbcustom\u00bb background_style=\u00bbrounded\u00bb background_color=\u00bbcustom\u00bb size=\u00bblg\u00bb custom_color=\u00bb#f2dab2&#8243;][vc_column_text]<\/p>\n<h3 style=\"text-align: left;\">Amistades<\/h3>\n<p>[\/vc_column_text][vc_column_text css=\u00bb.vc_custom_1682590272642{padding-top: 20px !important;}\u00bb]<\/p>\n<p style=\"text-align: left;\">Compartimos un viaje con personas que tienen la misma ilusi\u00f3n, ganas de aprender, ganas de conocer a buena gente y pasar un buen rato.<\/p>\n<p>[\/vc_column_text][\/vc_column][vc_column width=\u00bb1\/4&#8243; css=\u00bb.vc_custom_1587990797066{padding-top: 20px !important;}\u00bb][vc_icon icon_fontawesome=\u00bbfas fa-umbrella-beach\u00bb color=\u00bbcustom\u00bb background_style=\u00bbrounded\u00bb background_color=\u00bbcustom\u00bb size=\u00bblg\u00bb custom_color=\u00bb#f2dab2&#8243;][vc_column_text]<\/p>\n<h3 style=\"text-align: left;\">Desconexi\u00f3n<\/h3>\n<p>[\/vc_column_text][vc_column_text css=\u00bb.vc_custom_1682590285822{padding-top: 20px !important;}\u00bb]<\/p>\n<p style=\"text-align: left;\">D\u00edas de relajaci\u00f3n y desconexi\u00f3n de la vida cotidiana. Aparte del surf, hacemos sesiones de yoga y surf-skate para ponernos a punto para ir al agua.<\/p>\n<p>[\/vc_column_text][\/vc_column][vc_column width=\u00bb1\/4&#8243; css=\u00bb.vc_custom_1587990803390{padding-top: 20px !important;}\u00bb][vc_icon icon_fontawesome=\u00bbfas fa-suitcase\u00bb color=\u00bbcustom\u00bb background_style=\u00bbrounded\u00bb background_color=\u00bbcustom\u00bb size=\u00bblg\u00bb custom_color=\u00bb#f2dab2&#8243;][vc_column_text]<\/p>\n<h3 style=\"text-align: left;\">Crecimiento<\/h3>\n<p>[\/vc_column_text][vc_column_text css=\u00bb.vc_custom_1682590297767{padding-top: 20px !important;}\u00bb]<\/p>\n<p style=\"text-align: left;\">Momentos para aprender de lo que sentimos, de lo que queremos. Para entender qu\u00e9 nos pasa por la cabeza y utilizarlo para ir hacia mejor. Momentos para compartir experiencias y conocimientos.<\/p>\n<p>[\/vc_column_text][\/vc_column][\/vc_row][vc_row row_type=\u00bbrow\u00bb use_row_as_full_screen_section=\u00bbno\u00bb type=\u00bbfull_width\u00bb angled_section=\u00bbno\u00bb text_align=\u00bbleft\u00bb background_image_as_pattern=\u00bbwithout_pattern\u00bb z_index=\u00bb\u00bb][vc_column][rev_slider_vc alias=\u00bbvideo-casal-setmana-santa-11&#8243;][\/vc_column][\/vc_row][vc_row row_type=\u00bbrow\u00bb use_row_as_full_screen_section=\u00bbno\u00bb type=\u00bbfull_width\u00bb angled_section=\u00bbno\u00bb text_align=\u00bbleft\u00bb background_image_as_pattern=\u00bbwithout_pattern\u00bb z_index=\u00bb\u00bb padding_top=\u00bb166&#8243; padding_bottom=\u00bb100&#8243; css=\u00bb.vc_custom_1682425753119{padding-top: 5% !important;padding-right: 7% !important;padding-bottom: 5% !important;padding-left: 7% !important;}\u00bb][vc_column css=\u00bb.vc_custom_1682426120112{padding-top: 10px !important;padding-right: 10px !important;padding-bottom: 10px !important;padding-left: 10px !important;}\u00bb][vc_icon icon_fontawesome=\u00bbfas fa-water\u00bb color=\u00bbcustom\u00bb background_style=\u00bbrounded\u00bb background_color=\u00bbcustom\u00bb size=\u00bblg\u00bb custom_color=\u00bb#f2dab2&#8243;][vc_column_text css=\u00bb.vc_custom_1769851336291{padding-bottom: 35px !important;}\u00bb]<\/p>\n<h2 style=\"text-align: left;\">Viaje de surf en Cantabria, D\u00f3nde es?<\/h2>\n<p>[\/vc_column_text][vc_column_text css=\u00bb.vc_custom_1682590349209{padding-bottom: 35px !important;}\u00bb]<\/p>\n<h3 style=\"text-align: left;\">Playa de Gerra, Oyambre, Cantabria<\/h3>\n<p>[\/vc_column_text][vc_column_text css=\u00bb.vc_custom_1682842007243{padding-top: 20px !important;padding-bottom: 20px !important;}\u00bb]<\/p>\n<p style=\"text-align: left;\">Cantabria es una de las comunidades aut\u00f3nomas con m\u00e1s spots de surf v\u00edrgenes de toda la pen\u00ednsula. En la playa de Gerra, donde hacemos el viaje, puedes estar sentado en la tabla de surf esperando la ola con vistas impresionantes a las monta\u00f1as del Parque Nacional de Picos de Europa, que tienen una altitud de m\u00e1s de 2546 m y se encuentran en tan s\u00f3lo a 30 km de la playa. Esta playa es la m\u00e1s consistente de oleadas de la zona.<\/p>\n<p style=\"text-align: left;\">El Parque Natural de Oyambre est\u00e1 situado entre Comillas y San Vicente de la Barquera. Destaca por su gran variedad natural y paisaj\u00edstica y se encuentran representados los distintos ecosistemas propios de la costa c\u00e1ntabra. Abruptos acantilados formados por una variada vegetaci\u00f3n y una playa largu\u00edsima perfecta para poder coger olas por tecnificaci\u00f3n o por iniciaci\u00f3n.<\/p>\n<p>[\/vc_column_text][\/vc_column][\/vc_row][vc_row row_type=\u00bbrow\u00bb use_row_as_full_screen_section=\u00bbno\u00bb type=\u00bbfull_width\u00bb angled_section=\u00bbno\u00bb text_align=\u00bbleft\u00bb background_image_as_pattern=\u00bbwithout_pattern\u00bb z_index=\u00bb\u00bb padding_top=\u00bb166&#8243; padding_bottom=\u00bb100&#8243; css=\u00bb.vc_custom_1682425814680{padding-top: 5% !important;padding-right: 7% !important;padding-left: 7% !important;}\u00bb][vc_column width=\u00bb1\/3&#8243; css=\u00bb.vc_custom_1587929712599{padding-top: 20px !important;}\u00bb][vc_icon icon_fontawesome=\u00bbfas fa-calendar\u00bb color=\u00bbcustom\u00bb background_style=\u00bbrounded\u00bb background_color=\u00bbcustom\u00bb size=\u00bblg\u00bb custom_color=\u00bb#f2dab2&#8243;][vc_column_text css=\u00bb.vc_custom_1682841001759{padding-bottom: 20px !important;}\u00bb]<\/p>\n<h3 style=\"text-align: left;\"><strong>Fechas y transporte<\/strong><\/h3>\n<p>[\/vc_column_text][vc_column_text]<\/p>\n<p style=\"text-align: left;\">del 24 al 28 de agosto de 2025<\/p>\n<p style=\"text-align: left;\">De lunes a viernes. El viaje incluye el transporte con furgonetas de ida y vuelta hasta el destino final y los desplazamientos diarios por la zona.<\/p>\n<p style=\"text-align: left;\">Salimos el lunes a las 7 h de la ma\u00f1ana de Torroella de Montgr\u00ed (Estartit), con posible parada en Gerona. La vuelta ser\u00e1 el viernes entre las 21 h y las 22 h en el mismo punto. (la vuelta puede variar en funci\u00f3n del tr\u00e1fico).<\/p>\n<p>[\/vc_column_text][\/vc_column][vc_column width=\u00bb1\/3&#8243; css=\u00bb.vc_custom_1682840953698{padding-top: 20px !important;padding-right: 10px !important;padding-bottom: 10px !important;padding-left: 10px !important;}\u00bb][vc_icon icon_fontawesome=\u00bbfas fa-water\u00bb color=\u00bbcustom\u00bb background_style=\u00bbrounded\u00bb background_color=\u00bbcustom\u00bb size=\u00bblg\u00bb custom_color=\u00bb#f2dab2&#8243;][vc_column_text css=\u00bb.vc_custom_1682840989853{padding-bottom: 20px !important;}\u00bb]<\/p>\n<h3 style=\"text-align: left;\"><strong>Alojamiento<\/strong><\/h3>\n<p>[\/vc_column_text][vc_column_text css=\u00bb.vc_custom_1747757977105{padding-top: 20px !important;padding-bottom: 20px !important;}\u00bb]<\/p>\n<p style=\"text-align: left;\">Dormiremos en la Surf House Gerra de Oyambre, uno de los campos que colabora con nosotros. Desde all\u00ed nos desplazaremos a diferentes puntos de la zona para realizar las clases de surf. Habitaciones son compartidas separadas por chicos y chicas. Comida casera y con especialidades para vegetariano\/as o intolerantes a alg\u00fan alimento.<\/p>\n<p style=\"text-align: left;\">Tanto Rub\u00e9n como Paula son unas bell\u00edsimas personas y nos hacen sentir como en casa. Las comidas est\u00e1n incluidas en el viaje y tendremos desayuno, almuerzo y cena excepto el almuerzo del primer d\u00eda y la cena del \u00faltimo que estaremos haciendo el viaje.<\/p>\n<p>[\/vc_column_text][\/vc_column][vc_column width=\u00bb1\/3&#8243; css=\u00bb.vc_custom_1682840959759{padding-top: 20px !important;}\u00bb][vc_icon icon_fontawesome=\u00bbfas fa-snowboarding\u00bb color=\u00bbcustom\u00bb background_style=\u00bbrounded\u00bb background_color=\u00bbcustom\u00bb size=\u00bblg\u00bb custom_color=\u00bb#f2dab2&#8243;][vc_column_text css=\u00bb.vc_custom_1682840994994{padding-bottom: 20px !important;}\u00bb]<\/p>\n<h3 style=\"text-align: left;\"><strong>Classes de surf<\/strong><\/h3>\n<p>[\/vc_column_text][vc_column_text css=\u00bb.vc_custom_1769851363292{padding-top: 20px !important;padding-bottom: 20px !important;}\u00bb]<\/p>\n<p style=\"text-align: left;\">El viaje de surf en cantabria: Total 5 d\u00edas de surf con un m\u00ednimo de 2 sesiones al d\u00eda si las previsiones nos lo permiten. El objetivo principal es realizar el m\u00e1ximo de horas posibles en el agua, de esta forma aprenderemos a disfrutar del surf en las mejores condiciones.<\/p>\n<p style=\"text-align: left;\">Sin embargo, queremos que vivamos una bonita experiencia y se llevar\u00e1n a cabo diferentes actividades relacionadas con el surf como el skate o las v\u00eddeo-correcciones entre otros.<\/p>\n<p style=\"text-align: left;\">La edad por venir es muy variada, pero queremos agrupar a ni\u00f1os y ni\u00f1as, de edades parecidas por eso proponemos una franja entre los 14 y 18 a\u00f1os.<\/p>\n<p style=\"text-align: left;\">No se pide demostrar un nivel m\u00ednimo, pero s\u00ed que haya hecho alguna vez surf. Por eso recomendamos previamente pasar por la escuela a realizar un curso de iniciaci\u00f3n.<\/p>\n<p>[\/vc_column_text][\/vc_column][\/vc_row][vc_row row_type=\u00bbrow\u00bb use_row_as_full_screen_section=\u00bbno\u00bb type=\u00bbfull_width\u00bb angled_section=\u00bbno\u00bb text_align=\u00bbleft\u00bb background_image_as_pattern=\u00bbwithout_pattern\u00bb z_index=\u00bb\u00bb padding_top=\u00bb166&#8243; padding_bottom=\u00bb100&#8243; css=\u00bb.vc_custom_1682425851895{padding-top: 5% !important;padding-right: 7% !important;padding-bottom: 5% !important;padding-left: 7% !important;}\u00bb][vc_column width=\u00bb1\/3&#8243; css=\u00bb.vc_custom_1587929712599{padding-top: 20px !important;}\u00bb][vc_icon icon_fontawesome=\u00bbfas fa-euro-sign\u00bb color=\u00bbcustom\u00bb background_style=\u00bbrounded\u00bb background_color=\u00bbcustom\u00bb size=\u00bblg\u00bb custom_color=\u00bb#f2dab2&#8243;][vc_column_text css=\u00bb.vc_custom_1682841858159{padding-bottom: 20px !important;}\u00bb]<\/p>\n<h3 style=\"text-align: left;\"><strong>Precios<\/strong><\/h3>\n<p>[\/vc_column_text][vc_column_text css=\u00bb.vc_custom_1769851410341{padding-top: 10px !important;padding-bottom: 10px !important;}\u00bb]<\/p>\n<p style=\"text-align: left;\">El precio del viaje de surf en cantabria es de <strong>659\u20ac<\/strong><\/p>\n<p style=\"text-align: left;\"><span style=\"font-weight: 400;\">Precio con descuento:<\/span><\/p>\n<p style=\"text-align: left;\"><span style=\"font-weight: 400;\"><strong>620<\/strong><\/span><b>\u20ac<\/b> antes del 2026, <strong>630\u20ac <\/strong>antes de 15 de mayo 2026, <strong>640\u20ac<\/strong> antes del 24 de junio 2026.<\/p>\n<p style=\"text-align: left;\">El precio incluye:\u00a05 d\u00edas de surf. Pensi\u00f3n completa de 4 d\u00edas, . Clases de surf (con instructor, 2 sesiones al dia). Seguro m\u00e9dico y de RC. Material para realizar todas las actividades (neoprenos, tablas, skates\u2026). Transporte de ida y vuelta hasta el destino y el transporte diario de los 5 d\u00edas.<\/p>\n<p style=\"text-align: left;\">Las plazas est\u00e1n limitadas a 23 alumnos. \u00c9stas ser\u00e1n asignadas seg\u00fan orden de inscripci\u00f3n.<\/p>\n<p style=\"text-align: left;\">En caso de que se haga la reserva del viaje dos meses antes del inicio del viaje se har\u00e1 un 5% de descuento.<\/p>\n<p>[\/vc_column_text][\/vc_column][vc_column width=\u00bb1\/3&#8243; css=\u00bb.vc_custom_1682426143641{padding-top: 10px !important;padding-right: 10px !important;padding-bottom: 10px !important;padding-left: 10px !important;}\u00bb][vc_icon icon_fontawesome=\u00bbfab fa-wpforms\u00bb color=\u00bbcustom\u00bb background_style=\u00bbrounded\u00bb background_color=\u00bbcustom\u00bb size=\u00bblg\u00bb custom_color=\u00bb#f2dab2&#8243;][vc_column_text css=\u00bb.vc_custom_1682841863161{padding-bottom: 20px !important;}\u00bb]<\/p>\n<h3 style=\"text-align: left;\"><strong>Inscripciones<\/strong><\/h3>\n<p>[\/vc_column_text][vc_column_text css=\u00bb.vc_custom_1682841637658{padding-top: 20px !important;padding-bottom: 20px !important;}\u00bb]<\/p>\n<p style=\"text-align: left;\">Las inscripciones deben realizarse quince d\u00edas antes del inicio del viaje y se deber\u00e1 rellenar el formulario de inscripci\u00f3n y el 25% del pago del viaje reservar la plaza. Si se realizara la inscripci\u00f3n m\u00e1s tarde, no se asegura que haya plaza para el viaje.<\/p>\n<p style=\"text-align: left;\">El pago restante deber\u00e1 llevarse en efectivo el primer d\u00eda del viaje.<\/p>\n<p>[\/vc_column_text][vc_column_text css=\u00bb.vc_custom_1682425470250{padding-top: 20px !important;padding-bottom: 10px !important;}\u00bb]<\/p>\n<p style=\"text-align: left;\">El pagament del 25% del cost total del viatge s&#8217;haur\u00e0 de fer a trav\u00e9s de transfar\u00e8ncia banc\u00e0ria al n\u00famero de compte seg\u00fcent:<\/p>\n<h3 style=\"text-align: left;\">ES25 1465 0100 9517 2471 9815<\/h3>\n<p>[\/vc_column_text][vc_btn title=\u00bbINSCRIPCI\u00d3N\u00bb style=\u00bbcustom\u00bb custom_background=\u00bb#f2dab2&#8243; custom_text=\u00bb#003e52&#8243; align=\u00bbleft\u00bb link=\u00bburl:https%3A%2F%2Fforms.gle%2FwZd1UQ4ZM9JEDPQX7&#8243;][\/vc_column][vc_column width=\u00bb1\/3&#8243;][vc_icon icon_fontawesome=\u00bbfas fa-exclamation\u00bb color=\u00bbcustom\u00bb background_style=\u00bbrounded\u00bb background_color=\u00bbcustom\u00bb size=\u00bblg\u00bb custom_color=\u00bb#f2dab2&#8243;][vc_column_text css=\u00bb.vc_custom_1682841867863{padding-bottom: 20px !important;}\u00bb]<\/p>\n<h3 style=\"text-align: left;\">Observaciones<\/h3>\n<p>[\/vc_column_text][vc_column_text css=\u00bb.vc_custom_1682841652227{padding-top: 10px !important;padding-bottom: 10px !important;}\u00bb]<\/p>\n<p style=\"text-align: left;\">Es necesario llevar mudas suficientes para cada d\u00eda. Tambi\u00e9n habr\u00e1 que llevar ropa de abrigar (jersey), ya que por la noche all\u00ed suele refrescarse. Tambi\u00e9n ser\u00e1 necesario llevar un impermeable, ya que puede llover.<\/p>\n<p style=\"text-align: left;\">Ser\u00e1 muy importante que nos notifique cualquier cosa que necesitamos saber como alergias, intolerancias, problemas m\u00e9dicos\u2026<\/p>\n<p style=\"text-align: left;\">Durante la ida y vuelta se aconseja que traigan comida para pasar el primer d\u00eda y dinero para comprarse comida para la vuelta. La duraci\u00f3n del transporte es de unas 9 horas y si vamos parando puede que tardemos 10. Por eso ser\u00e1 necesario que est\u00e9n bien hidratados y tengan suficiente comida.<\/p>\n<p>[\/vc_column_text][\/vc_column][\/vc_row][vc_row row_type=\u00bbrow\u00bb use_row_as_full_screen_section=\u00bbno\u00bb type=\u00bbfull_width\u00bb angled_section=\u00bbno\u00bb text_align=\u00bbleft\u00bb background_image_as_pattern=\u00bbwithout_pattern\u00bb z_index=\u00bb\u00bb css=\u00bb.vc_custom_1589218406675{padding-top: 10% !important;}\u00bb][vc_column css_animation=\u00bbfadeIn\u00bb][vc_column_text]<div class='qode_image_gallery_no_space '><div class='qode_image_gallery_holder' style='height: 500px;'><ul  ><li  ><div style=\"height: 500px; width:750px;\"><img itemprop=\"image\" src=\"https:\/\/www.agroruralsurf.com\/wp-content\/uploads\/2019\/08\/IMG_1134.jpg\" alt=\"\" \/><\/div><\/li><li  ><div style=\"height: 500px; width:750px;\"><img itemprop=\"image\" src=\"https:\/\/www.agroruralsurf.com\/wp-content\/uploads\/2019\/08\/IMG_1143.jpg\" alt=\"\" \/><\/div><\/li><li  ><div style=\"height: 500px; width:750px;\"><img itemprop=\"image\" src=\"https:\/\/www.agroruralsurf.com\/wp-content\/uploads\/2019\/08\/IMG_1147.jpg\" alt=\"\" \/><\/div><\/li><li  ><div style=\"height: 500px; width:750px;\"><img itemprop=\"image\" src=\"https:\/\/www.agroruralsurf.com\/wp-content\/uploads\/2019\/08\/IMG_1140.jpg\" alt=\"\" \/><\/div><\/li><li  ><div style=\"height: 500px; width:750px;\"><img itemprop=\"image\" src=\"https:\/\/www.agroruralsurf.com\/wp-content\/uploads\/2019\/08\/IMG_1141.jpg\" alt=\"\" \/><\/div><\/li><li  ><div style=\"height: 500px; width:334px;\"><img itemprop=\"image\" src=\"https:\/\/www.agroruralsurf.com\/wp-content\/uploads\/2019\/08\/IMG_1144.jpg\" alt=\"\" \/><\/div><\/li><\/ul><\/div><div class=\"controls\"><a class=\"prev-slide\" href=\"#\"><span><i class=\"fa fa-angle-left\"><\/i><\/span><\/a><a class=\"next-slide\" href=\"#\"><span><i class=\"fa fa-angle-right\"><\/i><\/span><\/a><\/div><\/div>[\/vc_column_text][\/vc_column][\/vc_row]<\/p>\n","protected":false},"excerpt":{"rendered":"<p>[vc_row row_type=\u00bbrow\u00bb use_row_as_full_screen_section=\u00bbno\u00bb type=\u00bbfull_width\u00bb angled_section=\u00bbno\u00bb text_align=\u00bbleft\u00bb background_image_as_pattern=\u00bbwithout_pattern\u00bb z_index=\u00bb\u00bb][vc_column][rev_slider_vc alias=\u00bbcantabria-banner\u00bb][\/vc_column][\/vc_row][vc_row row_type=\u00bbrow\u00bb use_row_as_full_screen_section=\u00bbno\u00bb type=\u00bbfull_width\u00bb angled_section=\u00bbno\u00bb text_align=\u00bbleft\u00bb background_image_as_pattern=\u00bbwithout_pattern\u00bb z_index=\u00bb\u00bb padding_top=\u00bb166&#8243; padding_bottom=\u00bb100&#8243; css=\u00bb.vc_custom_1682425653090{padding-top: 5% !important;padding-right: 7% !important;padding-bottom: 5% !important;padding-left: 7% !important;}\u00bb][vc_column width=\u00bb1\/2&#8243; css=\u00bb.vc_custom_1587929712599{padding-top: 20px&#8230;<\/p>\n","protected":false},"author":3,"featured_media":0,"parent":0,"menu_order":0,"comment_status":"closed","ping_status":"closed","template":"full_width.php","meta":[],"yoast_head":"<!-- This site is optimized with the Yoast SEO plugin v19.6.1 - https:\/\/yoast.com\/wordpress\/plugins\/seo\/ -->\n<title>Viaje Surf Cantabria - agroruralsurf<\/title>\n<meta name=\"description\" content=\"Una vez al a\u00f1o realizamos el viaje de surf en Cantabria para mejorar la t\u00e9cnica del surf y surfear nuevos spots. De 14 a 18 a\u00f1os.\" \/>\n<meta name=\"robots\" content=\"index, follow, max-snippet:-1, max-image-preview:large, max-video-preview:-1\" \/>\n<link rel=\"canonical\" href=\"https:\/\/www.agroruralsurf.com\/es\/viaje-surf-cantabria\/\" \/>\n<meta property=\"og:locale\" content=\"es_ES\" \/>\n<meta property=\"og:type\" content=\"article\" \/>\n<meta property=\"og:title\" content=\"Viaje Surf Cantabria - agroruralsurf\" \/>\n<meta property=\"og:description\" content=\"Una vez al a\u00f1o realizamos el viaje de surf en Cantabria para mejorar la t\u00e9cnica del surf y surfear nuevos spots. De 14 a 18 a\u00f1os.\" \/>\n<meta property=\"og:url\" content=\"https:\/\/www.agroruralsurf.com\/es\/viaje-surf-cantabria\/\" \/>\n<meta property=\"og:site_name\" content=\"agroruralsurf\" \/>\n<meta property=\"article:publisher\" content=\"https:\/\/www.facebook.com\/agroruralsurf\/\" \/>\n<meta property=\"article:modified_time\" content=\"2026-01-31T09:24:47+00:00\" \/>\n<meta property=\"og:image\" content=\"https:\/\/www.agroruralsurf.com\/wp-content\/uploads\/2021\/05\/WEB2-scaled.jpg\" \/>\n\t<meta property=\"og:image:width\" content=\"2560\" \/>\n\t<meta property=\"og:image:height\" content=\"1536\" \/>\n\t<meta property=\"og:image:type\" content=\"image\/jpeg\" \/>\n<meta name=\"twitter:card\" content=\"summary_large_image\" \/>\n<meta name=\"twitter:label1\" content=\"Tiempo de lectura\" \/>\n\t<meta name=\"twitter:data1\" content=\"11 minutos\" \/>\n<script type=\"application\/ld+json\" class=\"yoast-schema-graph\">{\"@context\":\"https:\/\/schema.org\",\"@graph\":[{\"@type\":\"WebPage\",\"@id\":\"https:\/\/www.agroruralsurf.com\/es\/viaje-surf-cantabria\/\",\"url\":\"https:\/\/www.agroruralsurf.com\/es\/viaje-surf-cantabria\/\",\"name\":\"Viaje Surf Cantabria - agroruralsurf\",\"isPartOf\":{\"@id\":\"https:\/\/www.agroruralsurf.com\/#website\"},\"datePublished\":\"2020-05-11T19:16:29+00:00\",\"dateModified\":\"2026-01-31T09:24:47+00:00\",\"description\":\"Una vez al a\u00f1o realizamos el viaje de surf en Cantabria para mejorar la t\u00e9cnica del surf y surfear nuevos spots. De 14 a 18 a\u00f1os.\",\"breadcrumb\":{\"@id\":\"https:\/\/www.agroruralsurf.com\/es\/viaje-surf-cantabria\/#breadcrumb\"},\"inLanguage\":\"es\",\"potentialAction\":[{\"@type\":\"ReadAction\",\"target\":[\"https:\/\/www.agroruralsurf.com\/es\/viaje-surf-cantabria\/\"]}]},{\"@type\":\"BreadcrumbList\",\"@id\":\"https:\/\/www.agroruralsurf.com\/es\/viaje-surf-cantabria\/#breadcrumb\",\"itemListElement\":[{\"@type\":\"ListItem\",\"position\":1,\"name\":\"Inici\",\"item\":\"https:\/\/www.agroruralsurf.com\/\"},{\"@type\":\"ListItem\",\"position\":2,\"name\":\"Viaje Surf Cantabria\"}]},{\"@type\":\"WebSite\",\"@id\":\"https:\/\/www.agroruralsurf.com\/#website\",\"url\":\"https:\/\/www.agroruralsurf.com\/\",\"name\":\"agroruralsurf\",\"description\":\"agroruralsurf\",\"publisher\":{\"@id\":\"https:\/\/www.agroruralsurf.com\/#organization\"},\"potentialAction\":[{\"@type\":\"SearchAction\",\"target\":{\"@type\":\"EntryPoint\",\"urlTemplate\":\"https:\/\/www.agroruralsurf.com\/?s={search_term_string}\"},\"query-input\":\"required name=search_term_string\"}],\"inLanguage\":\"es\"},{\"@type\":\"Organization\",\"@id\":\"https:\/\/www.agroruralsurf.com\/#organization\",\"name\":\"Agro Rural Surf\",\"url\":\"https:\/\/www.agroruralsurf.com\/\",\"sameAs\":[\"https:\/\/www.instagram.com\/agroruralsurf\/\",\"https:\/\/www.youtube.com\/channel\/UCqe6P2fGcAVgk66aE8VP_kA\",\"https:\/\/www.facebook.com\/agroruralsurf\/\"],\"logo\":{\"@type\":\"ImageObject\",\"inLanguage\":\"es\",\"@id\":\"https:\/\/www.agroruralsurf.com\/#\/schema\/logo\/image\/\",\"url\":\"https:\/\/www.agroruralsurf.com\/wp-content\/uploads\/2019\/11\/cropped-Logo-rodo-negre@2x.png\",\"contentUrl\":\"https:\/\/www.agroruralsurf.com\/wp-content\/uploads\/2019\/11\/cropped-Logo-rodo-negre@2x.png\",\"width\":512,\"height\":512,\"caption\":\"Agro Rural Surf\"},\"image\":{\"@id\":\"https:\/\/www.agroruralsurf.com\/#\/schema\/logo\/image\/\"}}]}<\/script>\n<!-- \/ Yoast SEO plugin. -->","yoast_head_json":{"title":"Viaje Surf Cantabria - agroruralsurf","description":"Una vez al a\u00f1o realizamos el viaje de surf en Cantabria para mejorar la t\u00e9cnica del surf y surfear nuevos spots. De 14 a 18 a\u00f1os.","robots":{"index":"index","follow":"follow","max-snippet":"max-snippet:-1","max-image-preview":"max-image-preview:large","max-video-preview":"max-video-preview:-1"},"canonical":"https:\/\/www.agroruralsurf.com\/es\/viaje-surf-cantabria\/","og_locale":"es_ES","og_type":"article","og_title":"Viaje Surf Cantabria - agroruralsurf","og_description":"Una vez al a\u00f1o realizamos el viaje de surf en Cantabria para mejorar la t\u00e9cnica del surf y surfear nuevos spots. De 14 a 18 a\u00f1os.","og_url":"https:\/\/www.agroruralsurf.com\/es\/viaje-surf-cantabria\/","og_site_name":"agroruralsurf","article_publisher":"https:\/\/www.facebook.com\/agroruralsurf\/","article_modified_time":"2026-01-31T09:24:47+00:00","og_image":[{"width":2560,"height":1536,"url":"https:\/\/www.agroruralsurf.com\/wp-content\/uploads\/2021\/05\/WEB2-scaled.jpg","type":"image\/jpeg"}],"twitter_card":"summary_large_image","twitter_misc":{"Tiempo de lectura":"11 minutos"},"schema":{"@context":"https:\/\/schema.org","@graph":[{"@type":"WebPage","@id":"https:\/\/www.agroruralsurf.com\/es\/viaje-surf-cantabria\/","url":"https:\/\/www.agroruralsurf.com\/es\/viaje-surf-cantabria\/","name":"Viaje Surf Cantabria - agroruralsurf","isPartOf":{"@id":"https:\/\/www.agroruralsurf.com\/#website"},"datePublished":"2020-05-11T19:16:29+00:00","dateModified":"2026-01-31T09:24:47+00:00","description":"Una vez al a\u00f1o realizamos el viaje de surf en Cantabria para mejorar la t\u00e9cnica del surf y surfear nuevos spots. De 14 a 18 a\u00f1os.","breadcrumb":{"@id":"https:\/\/www.agroruralsurf.com\/es\/viaje-surf-cantabria\/#breadcrumb"},"inLanguage":"es","potentialAction":[{"@type":"ReadAction","target":["https:\/\/www.agroruralsurf.com\/es\/viaje-surf-cantabria\/"]}]},{"@type":"BreadcrumbList","@id":"https:\/\/www.agroruralsurf.com\/es\/viaje-surf-cantabria\/#breadcrumb","itemListElement":[{"@type":"ListItem","position":1,"name":"Inici","item":"https:\/\/www.agroruralsurf.com\/"},{"@type":"ListItem","position":2,"name":"Viaje Surf Cantabria"}]},{"@type":"WebSite","@id":"https:\/\/www.agroruralsurf.com\/#website","url":"https:\/\/www.agroruralsurf.com\/","name":"agroruralsurf","description":"agroruralsurf","publisher":{"@id":"https:\/\/www.agroruralsurf.com\/#organization"},"potentialAction":[{"@type":"SearchAction","target":{"@type":"EntryPoint","urlTemplate":"https:\/\/www.agroruralsurf.com\/?s={search_term_string}"},"query-input":"required name=search_term_string"}],"inLanguage":"es"},{"@type":"Organization","@id":"https:\/\/www.agroruralsurf.com\/#organization","name":"Agro Rural Surf","url":"https:\/\/www.agroruralsurf.com\/","sameAs":["https:\/\/www.instagram.com\/agroruralsurf\/","https:\/\/www.youtube.com\/channel\/UCqe6P2fGcAVgk66aE8VP_kA","https:\/\/www.facebook.com\/agroruralsurf\/"],"logo":{"@type":"ImageObject","inLanguage":"es","@id":"https:\/\/www.agroruralsurf.com\/#\/schema\/logo\/image\/","url":"https:\/\/www.agroruralsurf.com\/wp-content\/uploads\/2019\/11\/cropped-Logo-rodo-negre@2x.png","contentUrl":"https:\/\/www.agroruralsurf.com\/wp-content\/uploads\/2019\/11\/cropped-Logo-rodo-negre@2x.png","width":512,"height":512,"caption":"Agro Rural Surf"},"image":{"@id":"https:\/\/www.agroruralsurf.com\/#\/schema\/logo\/image\/"}}]}},"_links":{"self":[{"href":"https:\/\/www.agroruralsurf.com\/es\/wp-json\/wp\/v2\/pages\/26090"}],"collection":[{"href":"https:\/\/www.agroruralsurf.com\/es\/wp-json\/wp\/v2\/pages"}],"about":[{"href":"https:\/\/www.agroruralsurf.com\/es\/wp-json\/wp\/v2\/types\/page"}],"author":[{"embeddable":true,"href":"https:\/\/www.agroruralsurf.com\/es\/wp-json\/wp\/v2\/users\/3"}],"replies":[{"embeddable":true,"href":"https:\/\/www.agroruralsurf.com\/es\/wp-json\/wp\/v2\/comments?post=26090"}],"version-history":[{"count":13,"href":"https:\/\/www.agroruralsurf.com\/es\/wp-json\/wp\/v2\/pages\/26090\/revisions"}],"predecessor-version":[{"id":31373,"href":"https:\/\/www.agroruralsurf.com\/es\/wp-json\/wp\/v2\/pages\/26090\/revisions\/31373"}],"wp:attachment":[{"href":"https:\/\/www.agroruralsurf.com\/es\/wp-json\/wp\/v2\/media?parent=26090"}],"curies":[{"name":"wp","href":"https:\/\/api.w.org\/{rel}","templated":true}]}}